{"id":41846,"date":"2023-03-29T20:36:22","date_gmt":"2023-03-29T18:36:22","guid":{"rendered":"https:\/\/raftrek.com\/?post_type=destinations&#038;p=41846"},"modified":"2024-03-13T16:25:34","modified_gmt":"2024-03-13T15:25:34","slug":"nationalpark-paklenica","status":"publish","type":"destinations","link":"https:\/\/raftrek.com\/de\/destinations\/nationalpark-paklenica\/","title":{"rendered":"Nationalpark Paklenica"},"content":{"rendered":"<p>Der Nationalpark Paklenica erstreckt sich \u00fcber 95 km\u00b2 dieser Bergkette, die sich hoch \u00fcber der Adria erhebt. Die schroffen Gipfel des Velebit-Massivs erstrecken sich \u00fcber 145 km und bilden so eine dramatische Barriere zwischen dem kontinentalen Kroatien und der Adriak\u00fcste. Der Park bietet einige der sch\u00f6nsten Berglandschaften des Landes und erm\u00f6glicht es Ihnen, Schluchten hinaufzuwandern, Steinw\u00e4nde zu erklimmen und auf schattigen Pfaden neben einem rauschenden Bach zu schlendern. Der Nationalpark Paklenica umfasst zwei tiefe Schluchten, Velika Paklenica (Gro\u00dfe Paklenica) und Mala Paklenica (Kleine Paklenica), die wie riesige Markierungen das Gebirge pr\u00e4gen. Der trockene Kalksteinkarst, der das Velebit-Gebirge bildet, ist sehr saugf\u00e4hig, aber mehrere Quellen in gro\u00dfen H\u00f6hen sorgen f\u00fcr eine kontinuierliche Wasserquelle und n\u00e4hren Flecken \u00fcppiger Vegetation.<\/p>\n<h4><strong>Die sch\u00f6nste Berglandschaft des Landes<\/strong><\/h4>\n<p>Etwa die H\u00e4lfte des Parks ist mit W\u00e4ldern bedeckt. \u00dcberwiegend Buche und Kiefer, gefolgt von kurzhaariger Eiche. Mit dem Aufstieg ver\u00e4ndert sich die Vegetation, ebenso wie das Klima. Es erstreckt sich vom Mittelmeer \u00fcber das Kontinental bis zum Subalpin. In den tiefer gelegenen Regionen, insbesondere in denen mit S\u00fcdlage, kann es im Sommer sehr hei\u00df sein, w\u00e4hrend der Bura (kalter Nordostwind), der im Winter durch das Gebirge weht, Regen und pl\u00f6tzliche St\u00fcrme mit sich bringt. Die beste Zeit, den Park zu besuchen, ist im April, Mai, Juni oder September. Im Sp\u00e4tfr\u00fchling ist es am gr\u00fcnsten und die B\u00e4che verwandeln sich in Sturzb\u00e4che. Im Juli und August trocknen viele B\u00e4che aus und es kann zu hei\u00df sein, um bequem wandern zu k\u00f6nnen.<\/p>\n<p><em><strong>FUN FACT: Der Nationalpark Paklenica ist ein Paradies f\u00fcr Sportkletterer mit Routen, die von einfachen Routen f\u00fcr absolute Anf\u00e4nger bis hin zu schwierigen Mehrseill\u00e4ngenrouten reichen, die selbst Profis als Herausforderung empfinden. Die Routen sind gut ausgestattet und gepflegt, es ist jedoch immer ratsam, ein paar N\u00fcsse, Freunde und ein paar Schleudern mitzunehmen.<\/strong><\/em><\/p>\n","protected":false},"excerpt":{"rendered":"<p>Der Nationalpark Paklenica erstreckt sich \u00fcber 95 km\u00b2 dieser Bergkette, die sich hoch \u00fcber der Adria erhebt. Die schroffen Gipfel des Velebit-Massivs erstrecken sich \u00fcber 145 km und bilden so eine dramatische Barriere zwischen dem kontinentalen Kroatien und der Adriak\u00fcste. Der Park bietet einige der sch\u00f6nsten Berglandschaften des Landes und erm\u00f6glicht es Ihnen, Schluchten hinaufzuwandern, [&hellip;]<\/p>\n","protected":false},"author":20,"featured_media":41847,"menu_order":44,"comment_status":"closed","ping_status":"closed","template":"","meta":{"_acf_changed":false,"footnotes":""},"class_list":["post-41846","destinations","type-destinations","status-publish","has-post-thumbnail","hentry"],"acf":[],"_links":{"self":[{"href":"https:\/\/raftrek.com\/de\/wp-json\/wp\/v2\/destinations\/41846","targetHints":{"allow":["GET"]}}],"collection":[{"href":"https:\/\/raftrek.com\/de\/wp-json\/wp\/v2\/destinations"}],"about":[{"href":"https:\/\/raftrek.com\/de\/wp-json\/wp\/v2\/types\/destinations"}],"author":[{"embeddable":true,"href":"https:\/\/raftrek.com\/de\/wp-json\/wp\/v2\/users\/20"}],"replies":[{"embeddable":true,"href":"https:\/\/raftrek.com\/de\/wp-json\/wp\/v2\/comments?post=41846"}],"version-history":[{"count":1,"href":"https:\/\/raftrek.com\/de\/wp-json\/wp\/v2\/destinations\/41846\/revisions"}],"predecessor-version":[{"id":41848,"href":"https:\/\/raftrek.com\/de\/wp-json\/wp\/v2\/destinations\/41846\/revisions\/41848"}],"wp:featuredmedia":[{"embeddable":true,"href":"https:\/\/raftrek.com\/de\/wp-json\/wp\/v2\/media\/41847"}],"wp:attachment":[{"href":"https:\/\/raftrek.com\/de\/wp-json\/wp\/v2\/media?parent=41846"}],"curies":[{"name":"wp","href":"https:\/\/api.w.org\/{rel}","templated":true}]}}